{"id":27,"date":"2019-01-18T08:29:09","date_gmt":"2019-01-18T07:29:09","guid":{"rendered":"http:\/\/www.generationenbahnhof.de\/?page_id=27"},"modified":"2025-10-31T15:35:00","modified_gmt":"2025-10-31T14:35:00","slug":"bahnhof","status":"publish","type":"page","link":"https:\/\/www.generationenbahnhof.de\/startseite\/bahnhof\/","title":{"rendered":"Bahnhof"},"content":{"rendered":"<div class=\"fusion-fullwidth fullwidth-box fusion-builder-row-1 nonhundred-percent-fullwidth non-hundred-percent-height-scrolling\" style=\"background-color: rgba(255,255,255,0);background-position: center center;background-repeat: no-repeat;padding-top:0px;padding-right:0px;padding-bottom:0px;padding-left:0px;margin-bottom: 0px;margin-top: 0px;border-width: 0px 0px 0px 0px;border-color:#eae9e9;border-style:solid;\" ><div class=\"fusion-builder-row fusion-row\"><div class=\"fusion-layout-column fusion_builder_column fusion-builder-column-0 fusion_builder_column_1_1 1_1 fusion-one-full fusion-column-first fusion-column-last\" style=\"margin-top:0px;margin-bottom:20px;\"><div class=\"fusion-column-wrapper fusion-flex-column-wrapper-legacy\" style=\"background-position:left top;background-repeat:no-repeat;-webkit-background-size:cover;-moz-background-size:cover;-o-background-size:cover;background-size:cover;padding: 0px 0px 0px 0px;\"><div class=\"fusion-text fusion-text-1\"><h1><span style=\"color: #333333;\">Bahnhof-Geschichte<\/span><\/h1>\n<p>Die Bahnlinie Riesa-Chemnitz, an der sich Erlau befindet, wurde 1852 in Betrieb genommen. Im gleichen Jahr erhielt Erlau einen Bahnanschluss. Zun\u00e4chst diente die Strecke dem Reiseverkehr. Mit der Installation eines festen Stationsgeb\u00e4udes wurde auch der G\u00fcterverkehr gestartet. Erlau diente als Versorgunsbahnhof f\u00fcr die Stadt Rochlitz, bis diese selbst an das Eisenbahnnetz angeschlossen wurde.<\/p>\n<p>In Erlau bestand das Bahnhofsgeb\u00e4ude zun\u00e4chst aus einem kleinen Holzbau. Das heutige Geb\u00e4ude wurde 1890\/91 errichtet. Die mehrteilige Anlage im Stil der Neorenaissance besteht aus einem Hauptgeb\u00e4ude und einem separaten Wirtschaftsgeb\u00e4ude und steht unter Denkmalschutz. Der denkmalpflegerische Wert besteht in der Urspr\u00fcnglichkeit der Fassade.<\/p>\n<p>Mit dem Ende des Zweiten Weltkrieges 1945 erfuhr die Bahnstrecke Riesa\u2010Chemnitz eine tiefe Z\u00e4sur. Die Reparationsforderungen der Sowjetunion f\u00fchrten zum vollst\u00e4ndigen Abbau des zweiten Gleises. Der zweigleisige Wiederausbau startet Mitte der 1980er Jahre.<br \/>\nIm Jahr 1990 verlor das Bahnhofsgeb\u00e4ude aufgrund der Einrichtung eines ca. 100 m entfernt gelegenen Haltepunktes seinen Nutzungszweck. Der regul\u00e4re Bahnhofsbetrieb wurde eingestellt.<\/p>\n<\/div><span class=\" fusion-imageframe imageframe-none imageframe-1 hover-type-none\" style=\"border:7px solid #ffffff;margin-right:25px;float:left;\"><img decoding=\"async\" width=\"1500\" height=\"547\" alt=\"Alter Bahnhof\" title=\"W_Bhf Bestand\" src=\"https:\/\/www.generationenbahnhof.de\/wp-content\/uploads\/2020\/01\/W_Bhf-Bestand.jpg\" class=\"img-responsive wp-image-453\" srcset=\"https:\/\/www.generationenbahnhof.de\/wp-content\/uploads\/2020\/01\/W_Bhf-Bestand-200x73.jpg 200w, https:\/\/www.generationenbahnhof.de\/wp-content\/uploads\/2020\/01\/W_Bhf-Bestand-400x146.jpg 400w, https:\/\/www.generationenbahnhof.de\/wp-content\/uploads\/2020\/01\/W_Bhf-Bestand-600x219.jpg 600w, https:\/\/www.generationenbahnhof.de\/wp-content\/uploads\/2020\/01\/W_Bhf-Bestand-800x292.jpg 800w, https:\/\/www.generationenbahnhof.de\/wp-content\/uploads\/2020\/01\/W_Bhf-Bestand-1200x438.jpg 1200w, https:\/\/www.generationenbahnhof.de\/wp-content\/uploads\/2020\/01\/W_Bhf-Bestand.jpg 1500w\" sizes=\"(max-width: 800px) 100vw, 1200px\" \/><\/span><span class=\" fusion-imageframe imageframe-none imageframe-2 hover-type-none\" style=\"border:7px solid #ffffff;margin-right:25px;float:left;\"><img decoding=\"async\" width=\"1500\" height=\"873\" alt=\"Alter Bahnhof\" title=\"W_Bhf hist\" src=\"https:\/\/www.generationenbahnhof.de\/wp-content\/uploads\/2020\/01\/W_Bhf-hist.jpg\" class=\"img-responsive wp-image-454\" srcset=\"https:\/\/www.generationenbahnhof.de\/wp-content\/uploads\/2020\/01\/W_Bhf-hist-200x116.jpg 200w, https:\/\/www.generationenbahnhof.de\/wp-content\/uploads\/2020\/01\/W_Bhf-hist-400x233.jpg 400w, https:\/\/www.generationenbahnhof.de\/wp-content\/uploads\/2020\/01\/W_Bhf-hist-600x349.jpg 600w, https:\/\/www.generationenbahnhof.de\/wp-content\/uploads\/2020\/01\/W_Bhf-hist-800x466.jpg 800w, https:\/\/www.generationenbahnhof.de\/wp-content\/uploads\/2020\/01\/W_Bhf-hist-1200x698.jpg 1200w, https:\/\/www.generationenbahnhof.de\/wp-content\/uploads\/2020\/01\/W_Bhf-hist.jpg 1500w\" sizes=\"(max-width: 800px) 100vw, 1200px\" \/><\/span><span class=\" fusion-imageframe imageframe-none imageframe-3 hover-type-none\" style=\"border:7px solid #ffffff;margin-right:25px;float:left;\"><img decoding=\"async\" width=\"1500\" height=\"967\" alt=\"Alter Bahnhof\" title=\"W_Bhf 80er\" src=\"https:\/\/www.generationenbahnhof.de\/wp-content\/uploads\/2020\/01\/W_Bhf-80er.jpg\" class=\"img-responsive wp-image-457\" srcset=\"https:\/\/www.generationenbahnhof.de\/wp-content\/uploads\/2020\/01\/W_Bhf-80er-200x129.jpg 200w, https:\/\/www.generationenbahnhof.de\/wp-content\/uploads\/2020\/01\/W_Bhf-80er-400x258.jpg 400w, https:\/\/www.generationenbahnhof.de\/wp-content\/uploads\/2020\/01\/W_Bhf-80er-600x387.jpg 600w, https:\/\/www.generationenbahnhof.de\/wp-content\/uploads\/2020\/01\/W_Bhf-80er-800x516.jpg 800w, https:\/\/www.generationenbahnhof.de\/wp-content\/uploads\/2020\/01\/W_Bhf-80er-1200x774.jpg 1200w, https:\/\/www.generationenbahnhof.de\/wp-content\/uploads\/2020\/01\/W_Bhf-80er.jpg 1500w\" sizes=\"(max-width: 800px) 100vw, 1200px\" \/><\/span><div class=\"fusion-text fusion-text-2\"><h1><span style=\"color: #333333;\">Geb\u00e4ude zwischen Erhalt und Abriss<\/span><\/h1>\n<p>Bis zum Jahr 1999 diente der Erlauer Bahnhof als Wohnhaus. Nachdem die letzten Mieter ausgezogen waren, standen die Geb\u00e4ude gut 15 Jahre leer. Der Zustand des Ensembles verschlechterte sich zusehends.<\/p>\n<\/div><span class=\" fusion-imageframe imageframe-none imageframe-4 hover-type-none\" style=\"border:7px solid #ffffff;margin-right:25px;float:left;\"><img decoding=\"async\" width=\"1500\" height=\"637\" alt=\"Alter Bahnhof\" title=\"W_Bhf Verfall\" src=\"https:\/\/www.generationenbahnhof.de\/wp-content\/uploads\/2020\/01\/W_Bhf-Verfall.jpg\" class=\"img-responsive wp-image-459\" srcset=\"https:\/\/www.generationenbahnhof.de\/wp-content\/uploads\/2020\/01\/W_Bhf-Verfall-200x85.jpg 200w, https:\/\/www.generationenbahnhof.de\/wp-content\/uploads\/2020\/01\/W_Bhf-Verfall-400x170.jpg 400w, https:\/\/www.generationenbahnhof.de\/wp-content\/uploads\/2020\/01\/W_Bhf-Verfall-600x255.jpg 600w, https:\/\/www.generationenbahnhof.de\/wp-content\/uploads\/2020\/01\/W_Bhf-Verfall-800x340.jpg 800w, https:\/\/www.generationenbahnhof.de\/wp-content\/uploads\/2020\/01\/W_Bhf-Verfall-1200x510.jpg 1200w, https:\/\/www.generationenbahnhof.de\/wp-content\/uploads\/2020\/01\/W_Bhf-Verfall.jpg 1500w\" sizes=\"(max-width: 800px) 100vw, 1200px\" \/><\/span><span class=\" fusion-imageframe imageframe-none imageframe-5 hover-type-none\" style=\"border:7px solid #ffffff;margin-right:25px;float:left;\"><img decoding=\"async\" width=\"2000\" height=\"623\" alt=\"Alter Bahnhof\" title=\"Exif_JPEG_PICTURE\" src=\"https:\/\/www.generationenbahnhof.de\/wp-content\/uploads\/2025\/10\/Alt1.jpg\" class=\"img-responsive wp-image-1157\" srcset=\"https:\/\/www.generationenbahnhof.de\/wp-content\/uploads\/2025\/10\/Alt1-200x62.jpg 200w, https:\/\/www.generationenbahnhof.de\/wp-content\/uploads\/2025\/10\/Alt1-400x125.jpg 400w, https:\/\/www.generationenbahnhof.de\/wp-content\/uploads\/2025\/10\/Alt1-600x187.jpg 600w, https:\/\/www.generationenbahnhof.de\/wp-content\/uploads\/2025\/10\/Alt1-800x249.jpg 800w, https:\/\/www.generationenbahnhof.de\/wp-content\/uploads\/2025\/10\/Alt1-1200x374.jpg 1200w, https:\/\/www.generationenbahnhof.de\/wp-content\/uploads\/2025\/10\/Alt1.jpg 2000w\" sizes=\"(max-width: 800px) 100vw, 1200px\" \/><\/span><span class=\" fusion-imageframe imageframe-none imageframe-6 hover-type-none\" style=\"border:7px solid #ffffff;margin-right:25px;float:left;\"><img decoding=\"async\" width=\"2000\" height=\"697\" alt=\"Alter Bahnhof\" title=\"Alt2\" src=\"https:\/\/www.generationenbahnhof.de\/wp-content\/uploads\/2025\/10\/Alt2.jpg\" class=\"img-responsive wp-image-1158\" srcset=\"https:\/\/www.generationenbahnhof.de\/wp-content\/uploads\/2025\/10\/Alt2-200x70.jpg 200w, https:\/\/www.generationenbahnhof.de\/wp-content\/uploads\/2025\/10\/Alt2-400x139.jpg 400w, https:\/\/www.generationenbahnhof.de\/wp-content\/uploads\/2025\/10\/Alt2-600x209.jpg 600w, https:\/\/www.generationenbahnhof.de\/wp-content\/uploads\/2025\/10\/Alt2-800x279.jpg 800w, https:\/\/www.generationenbahnhof.de\/wp-content\/uploads\/2025\/10\/Alt2-1200x418.jpg 1200w, https:\/\/www.generationenbahnhof.de\/wp-content\/uploads\/2025\/10\/Alt2.jpg 2000w\" sizes=\"(max-width: 800px) 100vw, 1200px\" \/><\/span><div class=\"fusion-text fusion-text-3\"><p>Mit der Sanierung und Umnutzung zum Generationenbahnhof 2016-2017 begann ein neues Kapitel der Erlauer Bahnhofsgeschichte. Jetzt ist der ehemalige Erlauer Bahnhof wieder ein lebendiges Zentrum und Ort des Ankommens und der Begegnung in Erlau.<\/p>\n<\/div><span class=\" fusion-imageframe imageframe-none imageframe-7 hover-type-none\" style=\"border:7px solid #ffffff;margin-right:25px;float:left;\"><img decoding=\"async\" width=\"1500\" height=\"621\" alt=\"Alter Bahnhof\" title=\"W_Bhf saniert\" src=\"https:\/\/www.generationenbahnhof.de\/wp-content\/uploads\/2020\/01\/W_Bhf-saniert.jpg\" class=\"img-responsive wp-image-460\" srcset=\"https:\/\/www.generationenbahnhof.de\/wp-content\/uploads\/2020\/01\/W_Bhf-saniert-200x83.jpg 200w, https:\/\/www.generationenbahnhof.de\/wp-content\/uploads\/2020\/01\/W_Bhf-saniert-400x166.jpg 400w, https:\/\/www.generationenbahnhof.de\/wp-content\/uploads\/2020\/01\/W_Bhf-saniert-600x248.jpg 600w, https:\/\/www.generationenbahnhof.de\/wp-content\/uploads\/2020\/01\/W_Bhf-saniert-800x331.jpg 800w, https:\/\/www.generationenbahnhof.de\/wp-content\/uploads\/2020\/01\/W_Bhf-saniert-1200x497.jpg 1200w, https:\/\/www.generationenbahnhof.de\/wp-content\/uploads\/2020\/01\/W_Bhf-saniert.jpg 1500w\" sizes=\"(max-width: 800px) 100vw, 1200px\" \/><\/span><div class=\"fusion-text fusion-text-4\"><h1 class=\"fusion-responsive-typography-calculated\" data-fontsize=\"34\" data-lineheight=\"47.6px\"><strong>Von der Vision bis zur Er\u00f6ffnung&#8230; und weiter bis heute, Eckdaten<\/strong><\/h1>\n<p><strong>1999<\/strong><\/p>\n<p>Die letzten Mieter ziehen aus. Ab jetzt steht der Bahnhof ungenutzt leer. Der Zustand des Geb\u00e4udes verschlechtert sich Jahr um Jahr. 2010 sind Teile des Geb\u00e4udes nicht mehr zu betreten und einsturzgef\u00e4hrdet.<\/p>\n<p><strong>2003<\/strong><\/p>\n<p>Eine B\u00fcrgerinitiative zur Rettung des Bahnhofes bildet sich. Das Geb\u00e4ude k\u00f6nnte in ein Vereins- und Kulturzentrum umgenutzt werden. Die Initiative scheitert an den Eigentumsverh\u00e4ltnissen &#8211; die Deutsche Bahn hat noch technische Anlage im Geb\u00e4ude, es kann nicht verkauft werden.<\/p>\n<p><strong>2012<\/strong><\/p>\n<p>Architektur- und Landschaftsarchitekturstudierende der Technischen Universit\u00e4t Dresden nehmen den Erlauer Bahnhof genau unter die Lupe. Eine Entwurfsstudie im Wintersemster 2012\/13 liefert gute Ideen und Konzepte f\u00fcr eine m\u00f6gliche Umnutzung. Die Deutsche Bahn erm\u00f6glicht den Studierenden eine Besichtigung der Geb\u00e4ude und stellt 1000 \u20ac f\u00fcr einen Studentenwettbewerb zur Verf\u00fcgung. Insgesamt 30 Studierende arbeiten in Teams, im Februar 2013 werden 14 Entw\u00fcrfe eingereicht. Unter dem Titel &#8222;Gro\u00dfer Bahnhof &#8211; Treffen der Generationen&#8220; erarbeiten die Studierenden Konzepte f\u00fcr eine zukunftsf\u00e4hige Weiterentwicklung des Bahnhofsareals. Generationen\u00fcbergreifende Angebote und Barrierefreiheit sind wichtige Schwerpunkte. Parallel zu den Architekturentw\u00fcrfen erstellen die Studierenden auch eine Machbarkeitsstudie und erkunden, welche Nutzungen und Angebote in Erlau und der Region zuk\u00fcnftig fehlen bzw. ausgebaut werden k\u00f6nnen.<\/p>\n<\/div><span class=\" fusion-imageframe imageframe-none imageframe-8 hover-type-none\" style=\"border:7px solid #ffffff;margin-right:25px;float:left;\"><img decoding=\"async\" width=\"2000\" height=\"727\" alt=\"Alter Bahnhof\" title=\"studie1\" src=\"https:\/\/www.generationenbahnhof.de\/wp-content\/uploads\/2025\/10\/studie1.jpg\" class=\"img-responsive wp-image-1160\" srcset=\"https:\/\/www.generationenbahnhof.de\/wp-content\/uploads\/2025\/10\/studie1-200x73.jpg 200w, https:\/\/www.generationenbahnhof.de\/wp-content\/uploads\/2025\/10\/studie1-400x145.jpg 400w, https:\/\/www.generationenbahnhof.de\/wp-content\/uploads\/2025\/10\/studie1-600x218.jpg 600w, https:\/\/www.generationenbahnhof.de\/wp-content\/uploads\/2025\/10\/studie1-800x291.jpg 800w, https:\/\/www.generationenbahnhof.de\/wp-content\/uploads\/2025\/10\/studie1-1200x436.jpg 1200w, https:\/\/www.generationenbahnhof.de\/wp-content\/uploads\/2025\/10\/studie1.jpg 2000w\" sizes=\"(max-width: 800px) 100vw, 1200px\" \/><\/span><span class=\" fusion-imageframe imageframe-none imageframe-9 hover-type-none\" style=\"border:7px solid #ffffff;margin-right:25px;float:left;\"><img decoding=\"async\" width=\"2000\" height=\"463\" alt=\"Alter Bahnhof\" title=\"studie2\" src=\"https:\/\/www.generationenbahnhof.de\/wp-content\/uploads\/2025\/10\/studie2.jpg\" class=\"img-responsive wp-image-1161\" srcset=\"https:\/\/www.generationenbahnhof.de\/wp-content\/uploads\/2025\/10\/studie2-200x46.jpg 200w, https:\/\/www.generationenbahnhof.de\/wp-content\/uploads\/2025\/10\/studie2-400x93.jpg 400w, https:\/\/www.generationenbahnhof.de\/wp-content\/uploads\/2025\/10\/studie2-600x139.jpg 600w, https:\/\/www.generationenbahnhof.de\/wp-content\/uploads\/2025\/10\/studie2-800x185.jpg 800w, https:\/\/www.generationenbahnhof.de\/wp-content\/uploads\/2025\/10\/studie2-1200x278.jpg 1200w, https:\/\/www.generationenbahnhof.de\/wp-content\/uploads\/2025\/10\/studie2.jpg 2000w\" sizes=\"(max-width: 800px) 100vw, 1200px\" \/><\/span><span class=\" fusion-imageframe imageframe-none imageframe-10 hover-type-none\" style=\"border:7px solid #ffffff;margin-right:25px;float:left;\"><img decoding=\"async\" width=\"2000\" height=\"799\" alt=\"Alter Bahnhof\" title=\"studie3\" src=\"https:\/\/www.generationenbahnhof.de\/wp-content\/uploads\/2025\/10\/studie3.jpg\" class=\"img-responsive wp-image-1162\" srcset=\"https:\/\/www.generationenbahnhof.de\/wp-content\/uploads\/2025\/10\/studie3-200x80.jpg 200w, https:\/\/www.generationenbahnhof.de\/wp-content\/uploads\/2025\/10\/studie3-400x160.jpg 400w, https:\/\/www.generationenbahnhof.de\/wp-content\/uploads\/2025\/10\/studie3-600x240.jpg 600w, https:\/\/www.generationenbahnhof.de\/wp-content\/uploads\/2025\/10\/studie3-800x320.jpg 800w, https:\/\/www.generationenbahnhof.de\/wp-content\/uploads\/2025\/10\/studie3-1200x479.jpg 1200w, https:\/\/www.generationenbahnhof.de\/wp-content\/uploads\/2025\/10\/studie3.jpg 2000w\" sizes=\"(max-width: 800px) 100vw, 1200px\" \/><\/span><div class=\"fusion-text fusion-text-5\"><p><strong>2013<\/strong><\/p>\n<p>Es bildet sich ein Initiativkreis aus Vertretern der Gemeinde und interessierten B\u00fcrgern: Ist es tats\u00e4chlich m\u00f6glich, den alten Bahnhof zu retten? Verkauft die Bahn das Geb\u00e4ude? Findet sich ein Investor? K\u00f6nnte die Gemeinde das Projekt stemmen und selbst Geb\u00e4udeeigent\u00fcmerin werden? Wie kann es langfristig wirtschaftlich tragf\u00e4hig werden? Gibt es F\u00f6rderm\u00f6glichkeiten f\u00fcr die Sanierungskosten? Wie steht es um den Denkmalschutz?<\/p>\n<p><strong>2014<\/strong><\/p>\n<p>Am 02.04.2014 beschlie\u00dft der Gemeinderat in einer \u00f6ffentlichen Sitzung einstimmig, den Bahnhof zu kaufen und das Projekt bis zur Baugenehmigung voranzubringen. Aus dem Initiativkreis heraus wird am 22.05.2014 der Verein Generationenbahnhof Erlau e.V. gegr\u00fcndet. Im Sommer 2014 erwirbt die Gemeinde das Grundst\u00fcck mit dem Bahnhofsgeb\u00e4ude. Die Planung \u00fcbernimmt das Dresdener Architekturb\u00fcro cooperation4architekten. Alle sp\u00e4teren Nutzer und Mieter werden von Beginnn an intensiv in den Prozess einbezogen. Der Verein bewirbt sich im Programm &#8222;Neulandgewinner&#8220; der Robert Bosch Stiftung, die Aufnahme in die zweite F\u00f6rderrunde erfolgt Ende 2014.<\/p>\n<\/div><div class=\"fusion-text fusion-text-6\"><p><strong>2015<\/strong><\/p>\n<p>Im Januar 2015 wird der Bauantrag f\u00fcr die Sanierung gestellt, bereits im Mai 2015 liegen alle Genehmigungen vor. Zur 725-Jahr-Feier der Gemeinde Erlau nimmt der Verein am Festumzug teil. Das Projekt &#8222;Generationenbahnhof Erlau&#8220; nimmt Gestalt an. An der Bahnhofsruine informiert eine 24\/7-Ausstellung \u00fcber Geschichte und Zukunft des Objektes. Im November 2015 kann die Gemeinde endlich die F\u00f6rdermittelantr\u00e4ge in der LEADER-Region &#8222;Land des Roten Porphyr&#8220; stellen.<\/p>\n<\/div><span class=\" fusion-imageframe imageframe-none imageframe-11 hover-type-none\" style=\"border:7px solid #ffffff;margin-right:25px;float:left;\"><img decoding=\"async\" width=\"2000\" height=\"639\" alt=\"Alter Bahnhof\" title=\"2015\" src=\"https:\/\/www.generationenbahnhof.de\/wp-content\/uploads\/2025\/10\/2015.jpg\" class=\"img-responsive wp-image-1183\" srcset=\"https:\/\/www.generationenbahnhof.de\/wp-content\/uploads\/2025\/10\/2015-200x64.jpg 200w, https:\/\/www.generationenbahnhof.de\/wp-content\/uploads\/2025\/10\/2015-400x128.jpg 400w, https:\/\/www.generationenbahnhof.de\/wp-content\/uploads\/2025\/10\/2015-600x192.jpg 600w, https:\/\/www.generationenbahnhof.de\/wp-content\/uploads\/2025\/10\/2015-800x256.jpg 800w, https:\/\/www.generationenbahnhof.de\/wp-content\/uploads\/2025\/10\/2015-1200x383.jpg 1200w, https:\/\/www.generationenbahnhof.de\/wp-content\/uploads\/2025\/10\/2015.jpg 2000w\" sizes=\"(max-width: 800px) 100vw, 1200px\" \/><\/span><div class=\"fusion-text fusion-text-7\"><p><strong>2016<\/strong><\/p>\n<p>Im Januar starten erste Vorbereitungsarbeiten f\u00fcr die beginnende Sanierung. Am 10.02.2016 feiert Erlau den offiziellen Baubeginn am Bahnhof. Zur feierlichen \u00dcbergabe des F\u00f6rdermittelbescheides im Mai 2016 sind die Bauarbeiten schon in vollem Gange. Das &#8222;Baujahr 2016&#8220; h\u00e4lt H\u00f6hen und Tiefen bereit: Hausschwamm, Bodenaustausch, Mehrkosten, aber auch \u00fcberraschend gute Substanz an unvermuteten Ecken, viele Bauberatungen &#8222;Tage der offenen Baustelle&#8220;, Mitmachaktionen, einen Baustellen-Weihnachtsbaum und viele Absprachen, Abstimmungen, Aushandlungen.<\/p>\n<\/div><span class=\" fusion-imageframe imageframe-none imageframe-12 hover-type-none\" style=\"border:7px solid #ffffff;margin-right:25px;float:left;\"><img decoding=\"async\" width=\"2000\" height=\"809\" alt=\"Alter Bahnhof\" title=\"2016\" src=\"https:\/\/www.generationenbahnhof.de\/wp-content\/uploads\/2025\/10\/2016.jpg\" class=\"img-responsive wp-image-1184\" srcset=\"https:\/\/www.generationenbahnhof.de\/wp-content\/uploads\/2025\/10\/2016-200x81.jpg 200w, https:\/\/www.generationenbahnhof.de\/wp-content\/uploads\/2025\/10\/2016-400x162.jpg 400w, https:\/\/www.generationenbahnhof.de\/wp-content\/uploads\/2025\/10\/2016-600x243.jpg 600w, https:\/\/www.generationenbahnhof.de\/wp-content\/uploads\/2025\/10\/2016-800x324.jpg 800w, https:\/\/www.generationenbahnhof.de\/wp-content\/uploads\/2025\/10\/2016-1200x485.jpg 1200w, https:\/\/www.generationenbahnhof.de\/wp-content\/uploads\/2025\/10\/2016.jpg 2000w\" sizes=\"(max-width: 800px) 100vw, 1200px\" \/><\/span><span class=\" fusion-imageframe imageframe-none imageframe-13 hover-type-none\" style=\"border:7px solid #ffffff;margin-right:25px;float:left;\"><img decoding=\"async\" width=\"2560\" height=\"841\" alt=\"Alter Bahnhof\" title=\"2016-bau\" src=\"https:\/\/www.generationenbahnhof.de\/wp-content\/uploads\/2025\/10\/2016-bau-scaled.jpg\" class=\"img-responsive wp-image-1185\" srcset=\"https:\/\/www.generationenbahnhof.de\/wp-content\/uploads\/2025\/10\/2016-bau-200x66.jpg 200w, https:\/\/www.generationenbahnhof.de\/wp-content\/uploads\/2025\/10\/2016-bau-400x131.jpg 400w, https:\/\/www.generationenbahnhof.de\/wp-content\/uploads\/2025\/10\/2016-bau-600x197.jpg 600w, https:\/\/www.generationenbahnhof.de\/wp-content\/uploads\/2025\/10\/2016-bau-800x263.jpg 800w, https:\/\/www.generationenbahnhof.de\/wp-content\/uploads\/2025\/10\/2016-bau-1200x394.jpg 1200w, https:\/\/www.generationenbahnhof.de\/wp-content\/uploads\/2025\/10\/2016-bau-scaled.jpg 2560w\" sizes=\"(max-width: 800px) 100vw, 1200px\" \/><\/span><div class=\"fusion-text fusion-text-8\"><p><strong>2017<\/strong><\/p>\n<p>Der Generationenbahnhof wird in das Modellvorhaben &#8222;Regionalit\u00e4t und Mehrfunktionsh\u00e4user&#8220; des BMEL aufgenommen. Mit der F\u00f6rderung soll dem Zentrum ein guter Start in der inhaltlichen Arbeit erm\u00f6glicht werden. Die Bauarbeiten schreiten z\u00fcgig voran, denn zur Er\u00f6ffnung hat sich der Bundeslandwirtschaftsminister Christian Schmidt angek\u00fcndigt. Am 31.07.2017 ist es so weit: Der Generationenbahnhof Erlau wird mit einem gro\u00dfen Fest und fast 500 G\u00e4sten er\u00f6ffnet. Bis zum Einzug aller Nutzer vergehen noch einige Wochen und Monate. Ab September \u00f6ffnet der B\u00fcrgerbereich, im Oktober startet die Seniorentagespflege, Ende des Jahres der ambulante Pflegedienst, im Januar 2018 die Zahnarztpraxis.<\/p>\n<p><strong>2018 &#8211; 2019<\/strong><\/p>\n<p>Der Generationenbahnhof lebt &#8211; mit kontinuierlichen Angeboten im Bereich Versorgung und Pflege und einem zunehmend stark frequentierten B\u00fcrgerbereich (ca. 100 Veranstaltungen \/ Jahr mit \u00fcber 2.500 Besuchern), vielen Angeboten aus Erlau f\u00fcr Erlau, es entstehen Kooperationen mit der S\u00e4chs. Landeszentrale f\u00fcr polit. Bildung, der VHS Mittelsachsen, der Volkssolidarit\u00e4t, Vereinen der Gemeinde &#8211; auch dank der \u00fcber die BMEL-F\u00f6rderung finanzierten Koordinationsstelle. Hauptamt unterst\u00fctzt Ehrenamt &#8211; eine gute Basis f\u00fcr gelingendes Miteinander. Wir sind stolz auf unser Mehrgenerationen-Mehrfunktionshaus im l\u00e4ndlichen Raum! Ende 2019 bem\u00fchen wir uns intensiv um eine Anschlussfinanzierung unserer Personalstelle &#8211; ohne Erfolg.<\/p>\n<p><strong>2020<\/strong><\/p>\n<p>Das Ende unserer hauptamtlichen Koordinatorenstelle Ende Februar macht uns gro\u00dfe Sorgen &#8211; und dann \u00e4ndert sich alles schlagartig. Eine Pandemie mit massiven Einschr\u00e4nkungen legt erst das Engagement im B\u00fcrgerbereich, sp\u00e4ter auch die Seniorentagespflege auf Eis. Im Herbst 2020 kommt ein weiteres Problem dazu: Unser neu errichtetes Flachdach \u00fcber dem Erdgeschoss hat Feuchtigkeitssch\u00e4den &#8211; und wird uns 2021 eine lange Nutzungspause, die K\u00fcndigung des Pflegeanbieters, der Gemeinde ein Gerichtsverfahren und dem Verein eine lange Durststrecke bringen.<\/p>\n<p><strong>2022<\/strong><\/p>\n<p>Im September 2022 feiern wir eine zweite Er\u00f6ffnung &#8211; nach erfolgreicher Dachsanierung. Ein neuer Pflegeanbieter konnte gefunden werden, die Seniorentagespflege \u00f6ffnet ihre T\u00fcren wieder. Leider startet kein ambulanter Pflegedienst von Erlau aus zur Versorgung pflegebed\u00fcrftiger Menschen. Ab September 2022 k\u00f6nnen wir dank einer nichtinvestiven LEADER-Ma\u00dfnahme aus Restmitteln der F\u00f6rderperiode 2014-2020 unsere Koordinatorenstelle wieder besetzen. Der Bahnhof bl\u00fcht wieder auf.<\/p>\n<p><strong>2023<\/strong><\/p>\n<p>Die Angebote im B\u00fcrgerbereich erreichen in etwa den Vor-Corona-Stand, was Besucherzahlen und Engagement angeht. Aber: Die Menschen sind unverbindlicher in ihren Zusagen geworden, die Planung der Angebote und Veranstaltungen wird herausfordernder.<\/p>\n<p><strong>2024<\/strong><\/p>\n<p>Fr\u00fchzeitig machen wir uns Gedanken, wie es nach dem Ende der F\u00f6rderung weitergehen kann. Den B\u00fcrgerbereich rein &#8222;ehrenamtlich&#8220; zu managen, das ist eine gro\u00dfe Herausforderung. F\u00fcr einige Angebote und Bereiche k\u00f6nnen wir Verantwortliche gewinnen. Wer hat wof\u00fcr &#8222;den Hut auf&#8220;? Wir sind uns bewusst, dass wir unser Level an Veranstaltungen und Aktivit\u00e4ten nicht halten werden k\u00f6nnen. Einen weiteren F\u00f6rderantrag stellen wir nicht, die Gr\u00fcnde sind vielf\u00e4ltig. So sind wir ab 2025 &#8211; wie so viele Engagierte &#8211; im reinen Ehrenamt unterwegs&#8230;<\/p>\n<p><strong>2025<\/strong><\/p>\n<p>Unsere Koordinatorenstelle endete. Ab 01.01.2025 arbeitet der Verein rein ehrenamtlich. Unser B\u00fcrgerb\u00fcro im Dachgeschoss haben wir Ende Februar aufgegeben. Die Gemeinde vermietet die R\u00e4ume, es entsteht eine Wohnung. Die Veranstaltungen laufen weiter, auch wenn unser Programm etwas kleiner wird. \u00dcber das BULEplus-F\u00f6rderprogramm &#8222;Wissenstrasfer&#8220; bessern wir unseren Internetauftritt, erstellen ein neues Faltblatt und eine Ausstellung \u00fcber das Projekt. Ein Film entsteht.<\/p>\n<p>&#8230;Fortsetzung folgt!<\/p>\n<\/div><div class=\"fusion-text fusion-text-9\"><h1 class=\"fusion-responsive-typography-calculated\" data-fontsize=\"34\" data-lineheight=\"47.6px\"><strong>Kurz-Geschichte: Von den Erlauern, die sich aufmachten, einen Bahnhof zu retten \u2013 und mehr als das erreicht haben (2019)<br \/>\n<\/strong><\/h1>\n<p>&#8222;&#8230;In einer kleinen Gemeinde im Herzen des Landkreises Mittelsachsen leben die Erlauer. Sie werden weniger, trotz Einb\u00fcrgerungen und Zuz\u00fcge. Und sie werden \u00e4lter. Sie lieben ihre Heimat und machen sich Gedanken \u00fcber das Zusammenleben im Ort.<\/p>\n<p>Erlau besa\u00df einst einen sch\u00f6nen Bahnhof. Die Bahn f\u00e4hrt zwar noch, doch das charmante alte Geb\u00e4ude starb leise vor sich hin.<br \/>\nDie Erlauer verbinden viele Erinnerungen mit dem Haus. Es geh\u00f6rt zu ihrem Ortsbild und zu ihrer Lebensgeschichte dazu.<\/p>\n<p>Eines sch\u00f6nen Tages im Herbst 2012 kam eine Gruppe von Architekturstudierenden. Sie nahm sowohl die Erlauer mit ihren W\u00fcnschen und Sehns\u00fcchten als auch die Bahnhofsruine genau unter die Lupe. Die Studis hatten echt gute Ideen, wie man den Bahnhof wiederbeleben und sanieren k\u00f6nnte.<\/p>\n<p>Grundgedanke aller \u00dcberlegungen war, dass das Haus das Leben in der Gemeinde bereichern und unterst\u00fctzen soll. Alt und Jung sollten einen Ort zum Treffen, Austauschen, gemeinsam aktiv sein haben. Die \u201eAlten\u201c sollten m\u00f6glichst lange und selbst\u00e4ndig oder zumindest gut unterst\u00fctzt in Erlau leben k\u00f6nnen. Also \u2013 das Thema Pflege war schon mal gesetzt.<\/p>\n<p>Die Erlauer wollten aber kein Pflegeheim oder so was. Ihr Bahnhof sollte ein offenes Haus sein &#8211; das \u00f6ffentliche \u201eWohnzimmer\u201c von Erlau.<br \/>\nNeben einer Seniorentagespflege plus Pflegedienst sollte es auch R\u00e4ume f\u00fcr alles M\u00f6gliche geben: Kaffeeklatsch, Vortr\u00e4ge, Kunst, Kreativit\u00e4t, Weiterbildungen \u2013 da hatten die Erlauer viele Ideen.<\/p>\n<p>Der Arbeitstitel lautete ab sofort \u201eGenerationenbahnhof\u201c. Und so entstand das Konzept, dass B\u00fcrger und Profis gemeinsam im neuen Zentrum arbeiten. Die Erlauer wollten gern Dienstleister haben, die das gemeinsame Wirtschaften im Haus unterst\u00fctzen und leben wollen.<\/p>\n<p>Es waren die Bilder der Student*innen, die dem Wunsch der Erlauer nach der Rettung ihres Bahnhofes neues Futter gaben. Da wurde pl\u00f6tzlich sichtbar, wie das alte neue Geb\u00e4ude aussehen k\u00f6nnte. Die Erlauer begannen zu tr\u00e4umen: Davon, den Bahnhof zu kaufen, zu sanieren und irgendwann wie fr\u00fcher ein- und auszugehen\u2026<\/p>\n<p>Der Gemeinderat beschloss, das Projekt anzupacken. Die Gemeindeverwaltung nahm eine Menge Geld von der hohen Kante sowie einen Kredit auf und beantragte F\u00f6rdermittel. Um das Inhaltliche wollte sich ein neu gegr\u00fcndeter Verein k\u00fcmmern, der Generationenbahnhof Erlau e.V.<\/p>\n<p>Und so kam es, dass die Erlauer pl\u00f6tzlich Teil einer Bewegung wurden und aus ihren Reihen eine &#8222;Neulandgewinnerin&#8220; in die weite Welt entsendeten. Gut, dass zu diesem Zeitpunkt die vor ihnen liegenden Strapazen noch nicht absehbar waren! Denn die Erlauer mussten viele H\u00fcrden \u00fcberwinden, und da war Unterst\u00fctzung wichtig und hilfreich.<\/p>\n<p>Nach 3j\u00e4hriger Sondierungs-, Planungs- und Vorbereitungs-Zeit \u2013 manche Erlauer hatten die Hoffnung l\u00e4ngst aufgegeben \u2013 wurde im Februar 2016 endlich losgebaut. Die Sanierung plus Au\u00dfenanlagen plus Stra\u00dfenbau kostete gut 2 Millionen Euro und war ein wirklicher Kraftakt f\u00fcr alle Beteiligten. Da half es, ab und an zu feiern, wenn wieder was geschafft war!<\/p>\n<p>Bauen &#8211; ein Wechselbad der Gef\u00fchle! Viele packten mit an, aber ohne Fachleute ging es gar nicht. Brandschutz, W\u00e4rmeschutz, Denkmalschutz \u2013 und dann noch echter Hausschwamm \ud83d\ude41\u00a0 Gut, dass alle Akteure und auch Verwaltung und Beh\u00f6rden immer in einem Boot sa\u00dfen &#8211; und in die gleiche Richtung paddelten.<\/p>\n<p>Nun sind wir schon zwei Jahre im neuen Haus in Aktion! Es gibt gemeinsame Kaffeerunden, Kartenspiel, Gesundheitsvortr\u00e4ge, Workshops zu allem m\u00f6glichen und das B\u00fcrgerb\u00fcro im Bahnhof. Der Zahnarzt hat im Gegensatz zu seinen Kollegen in der Kleinstadt Parkpl\u00e4tze direkt vor der Haust\u00fcr und kann auch Rollstuhlfahrer behandeln.<\/p>\n<p>Die G\u00e4ste der Tagespflege freuen sich, wenn sie alte Bekannte aus Erlau wiedersehen \u2013 und umgekehrt. Der Bahnhof ist gerettet. Das Haus wird gut angenommen. Aber so ein Projekt ist nicht mit Er\u00f6ffnung des Hauses beendet. Dann beginnt es n\u00e4mlich erst\u2026<br \/>\nWir sprechen uns in 10 Jahren wieder! Dann sind die Erlauer noch ein bisschen \u00e4lter geworden, und vielleicht noch weniger. Und sie leben gern hier und gehen ein und aus \u2013 im neuen alten Erlauer Bahnhof&#8230;&#8220;<\/p>\n<\/div><div class=\"fusion-clearfix\"><\/div><\/div><\/div><\/div><\/div>\n","protected":false},"excerpt":{"rendered":"","protected":false},"author":1,"featured_media":0,"parent":0,"menu_order":0,"comment_status":"closed","ping_status":"closed","template":"","meta":{"footnotes":""},"class_list":["post-27","page","type-page","status-publish","hentry"],"_links":{"self":[{"href":"https:\/\/www.generationenbahnhof.de\/startseite\/wp-json\/wp\/v2\/pages\/27","targetHints":{"allow":["GET"]}}],"collection":[{"href":"https:\/\/www.generationenbahnhof.de\/startseite\/wp-json\/wp\/v2\/pages"}],"about":[{"href":"https:\/\/www.generationenbahnhof.de\/startseite\/wp-json\/wp\/v2\/types\/page"}],"author":[{"embeddable":true,"href":"https:\/\/www.generationenbahnhof.de\/startseite\/wp-json\/wp\/v2\/users\/1"}],"replies":[{"embeddable":true,"href":"https:\/\/www.generationenbahnhof.de\/startseite\/wp-json\/wp\/v2\/comments?post=27"}],"version-history":[{"count":75,"href":"https:\/\/www.generationenbahnhof.de\/startseite\/wp-json\/wp\/v2\/pages\/27\/revisions"}],"predecessor-version":[{"id":1187,"href":"https:\/\/www.generationenbahnhof.de\/startseite\/wp-json\/wp\/v2\/pages\/27\/revisions\/1187"}],"wp:attachment":[{"href":"https:\/\/www.generationenbahnhof.de\/startseite\/wp-json\/wp\/v2\/media?parent=27"}],"curies":[{"name":"wp","href":"https:\/\/api.w.org\/{rel}","templated":true}]}}