{"id":29,"date":"2019-01-18T08:32:40","date_gmt":"2019-01-18T07:32:40","guid":{"rendered":"http:\/\/www.generationenbahnhof.de\/?page_id=29"},"modified":"2025-11-05T23:29:58","modified_gmt":"2025-11-05T22:29:58","slug":"info","status":"publish","type":"page","link":"https:\/\/www.generationenbahnhof.de\/startseite\/info\/","title":{"rendered":"Info"},"content":{"rendered":"<div class=\"fusion-fullwidth fullwidth-box fusion-builder-row-1 fusion-flex-container nonhundred-percent-fullwidth non-hundred-percent-height-scrolling\" style=\"background-color: rgba(255,255,255,0);background-position: center center;background-repeat: no-repeat;border-width: 0px 0px 0px 0px;border-color:#eae9e9;border-style:solid;\" ><div class=\"fusion-builder-row fusion-row fusion-flex-align-items-flex-start\" style=\"max-width:1144px;margin-left: calc(-4% \/ 2 );margin-right: calc(-4% \/ 2 );\"><div class=\"fusion-layout-column fusion_builder_column fusion-builder-column-0 fusion_builder_column_3_4 3_4 fusion-flex-column\"><div class=\"fusion-column-wrapper fusion-flex-justify-content-flex-start fusion-content-layout-column\" style=\"background-position:left top;background-repeat:no-repeat;-webkit-background-size:cover;-moz-background-size:cover;-o-background-size:cover;background-size:cover;padding: 0px 0px 0px 0px;\"><div class=\"fusion-text fusion-text-1\"><h1>Ver\u00f6ffentlichungen<\/h1>\n<\/div><div class=\"fusion-text fusion-text-2\"><p>findet ihr unter:<\/p>\n<p><a href=\"https:\/\/landlebtdoch.de\/magazin_autor\/jana-ahnert\/\" target=\"_blank\" rel=\"noopener\">https:\/\/landlebtdoch.de\/magazin_autor\/jana-ahnert\/<\/a><\/p>\n<p>(LandMagazin von landlebtdoch, Ausgabe 02|2021)<\/p>\n<p><a href=\"https:\/\/neulandgewinner.de\/projekt\/generationsbahnhof-erlau\/\" target=\"_blank\" rel=\"noopener\">https:\/\/neulandgewinner.de\/projekt\/generationsbahnhof-erlau\/<\/a><\/p>\n<p>(Neulandgewinner-Programm 2015-2017)<\/p>\n<p><a href=\"https:\/\/info.bml.gv.at\/dam\/jcr:cd4ce35f-a9f6-4c6d-8f7e-3f114deae20c\/Broschuere_Kooperative%20Multifunktionshaeuser_barrierefrei_weboptimiert.pdf\" target=\"_blank\" rel=\"noopener\">https:\/\/info.bml.gv.at\/dam\/jcr:cd4ce35f-a9f6-4c6d-8f7e-3f114deae20c\/Broschuere_Kooperative%20Multifunktionshaeuser_barrierefrei_weboptimiert.pdf<\/a><\/p>\n<p>(Kooperative Multifunktionsh\u00e4user \u2013 Good-Practice-Beispiele | Gemeinschaftstreffpunkte in der Region und Angebote<br \/>\nder Daseinsvorsorge in Orts- und Stadtkernen &#8211; Publikation des \u00f6sterreichischen Bundesministeriums Land- und Forstwirtschaft, Regionen und Wasserwirtschaft)<\/p>\n<p><a href=\"https:\/\/www.bmel.de\/DE\/themen\/laendliche-regionen\/dorfentwicklung\/nahversorgung\/leitdfaeden-mehrfunktionshaeuser.html\" target=\"_blank\" rel=\"noopener\">https:\/\/www.bmel.de\/DE\/themen\/laendliche-regionen\/dorfentwicklung\/nahversorgung\/leitdfaeden-mehrfunktionshaeuser.html<\/a><\/p>\n<p>(Leitf\u00e4den Mehrfunktionsh\u00e4user des BMEL)<\/p>\n<p><a href=\"https:\/\/www.bmel.de\/SharedDocs\/Praxisbericht\/DE\/laendliche-Regionen\/erlau-generationenbahnhof.html\" target=\"_blank\" rel=\"noopener\">https:\/\/www.bmel.de\/SharedDocs\/Praxisbericht\/DE\/laendliche-Regionen\/erlau-generationenbahnhof.html<\/a><\/p>\n<p>(Praxisbericht des BMEL)<\/p>\n<p><a href=\"https:\/\/familienfreundliche-kommune-sachsen.de\/erlau\/\" target=\"_blank\" rel=\"noopener\">https:\/\/familienfreundliche-kommune-sachsen.de\/erlau\/<\/a><\/p>\n<p><a href=\"https:\/\/www.denkmalradar.de\/denkmale\/generationenbahnhof-erlau?print=1\" target=\"_blank\" rel=\"noopener\">https:\/\/www.denkmalradar.de\/denkmale\/generationenbahnhof-erlau?print=1<\/a><\/p>\n<p><a href=\"https:\/\/www.demografie-portal.de\/DE\/Kommunen\/Projekte\/generationenbahnhof-erlau.html\" target=\"_blank\" rel=\"noopener\">https:\/\/www.demografie-portal.de\/DE\/Gute-Praxis\/Projekte\/generationenbahnhof-erlau.html<\/a><\/p>\n<p>(Bund-L\u00e4nder-Demografie-Portal)<\/p>\n<p><a href=\"https:\/\/www.ifls.de\/amurakk\" target=\"_blank\" rel=\"noopener\">https:\/\/www.ifls.de\/amurakk<\/a><\/p>\n<p>(Wir sind Praxispartner des Forschungsvorhabens AMURAKK \u201eAkteursnetzwerke und multifunktionale R\u00e4ume der Kunst-, Kultur- und Kreativarbeit in l\u00e4ndlichen Regionen\u201c)<\/p>\n<\/div><div class=\"fusion-text fusion-text-3\"><h1>Projektflyer &#8222;Generationenbahnhof kompakt&#8220; (2025)<\/h1>\n<\/div><div ><style type=\"text\/css\">.fusion-button.button-1 .fusion-button-text, .fusion-button.button-1 i {color:#ffffff;}.fusion-button.button-1 .fusion-button-icon-divider{border-color:#ffffff;}.fusion-button.button-1:hover .fusion-button-text, .fusion-button.button-1:hover i,.fusion-button.button-1:focus .fusion-button-text, .fusion-button.button-1:focus i,.fusion-button.button-1:active .fusion-button-text, .fusion-button.button-1:active{color:#ffffff;}.fusion-button.button-1:hover .fusion-button-icon-divider, .fusion-button.button-1:hover .fusion-button-icon-divider, .fusion-button.button-1:active .fusion-button-icon-divider{border-color:#ffffff;}.fusion-button.button-1:hover, .fusion-button.button-1:focus, .fusion-button.button-1:active{border-color:#ffffff;border-width:5px;}.fusion-button.button-1 {border-color:#ffffff;border-width:5px;border-radius:2px;}.fusion-button.button-1{background: #cecece;}.fusion-button.button-1:hover,.button-1:focus,.fusion-button.button-1:active{background: #c1c1c1;}.fusion-button.button-1 .fusion-button-text {text-transform:uppercase;}<\/style><a class=\"fusion-button button-flat button-medium button-custom button-1 fusion-button-span-yes fusion-button-default-type\" target=\"_blank\" rel=\"noopener noreferrer\" href=\"https:\/\/www.generationenbahnhof.de\/wp-content\/uploads\/2025\/11\/2025_GenBhf-kompakt_KOMP.pdf\"><span class=\"fusion-button-icon-divider button-icon-divider-left\"><i class=\"fa-file-download fas\" aria-hidden=\"true\"><\/i><\/span><span class=\"fusion-button-text fusion-button-text-left\">Flyer &#8222;Generationenbahnhof kompakt&#8220; (2025)<\/span><\/a><\/div><div class=\"fusion-text fusion-text-4\"><h1>Ausstellung<\/h1>\n<\/div><div class=\"fusion-text fusion-text-5\"><p>Im Rahmen des F\u00f6rdervorhabens BULE-Wissenstransfer 2025 entstand eine Austellung \u00fcber das Generationenbahnhof-Projekt.<\/p>\n<p>Sie besteht aus 10 Tafeln im Format 65 x 65 cm und kann gern bei uns f\u00fcr Veranstaltungen oder Tagungen ausgeliehen werden.<\/p>\n<\/div><div ><style type=\"text\/css\">.fusion-button.button-2 .fusion-button-text, .fusion-button.button-2 i {color:#ffffff;}.fusion-button.button-2 .fusion-button-icon-divider{border-color:#ffffff;}.fusion-button.button-2:hover .fusion-button-text, .fusion-button.button-2:hover i,.fusion-button.button-2:focus .fusion-button-text, .fusion-button.button-2:focus i,.fusion-button.button-2:active .fusion-button-text, .fusion-button.button-2:active{color:#ffffff;}.fusion-button.button-2:hover .fusion-button-icon-divider, .fusion-button.button-2:hover .fusion-button-icon-divider, .fusion-button.button-2:active .fusion-button-icon-divider{border-color:#ffffff;}.fusion-button.button-2:hover, .fusion-button.button-2:focus, .fusion-button.button-2:active{border-color:#ffffff;border-width:5px;}.fusion-button.button-2 {border-color:#ffffff;border-width:5px;border-radius:2px;}.fusion-button.button-2{background: #cecece;}.fusion-button.button-2:hover,.button-2:focus,.fusion-button.button-2:active{background: #c1c1c1;}.fusion-button.button-2 .fusion-button-text {text-transform:uppercase;}<\/style><a class=\"fusion-button button-flat button-medium button-custom button-2 fusion-button-span-yes fusion-button-default-type\" target=\"_blank\" rel=\"noopener noreferrer\" href=\"https:\/\/www.generationenbahnhof.de\/wp-content\/uploads\/2025\/11\/2025_Ausstellung-GenBhf-KOMP.pdf\"><span class=\"fusion-button-icon-divider button-icon-divider-left\"><i class=\"fa-file-download fas\" aria-hidden=\"true\"><\/i><\/span><span class=\"fusion-button-text fusion-button-text-left\">Ausstellung &#8222;Alter Bahnhof &#8211; Neues Leben&#8220;<\/span><\/a><\/div><div class=\"fusion-text fusion-text-6\"><h1>F\u00f6rderprogramme<\/h1>\n<\/div><div class=\"fusion-text fusion-text-7\"><p>Seit Projektbeginn war unser Verein Teil mehrerer gro\u00dfer F\u00f6rdervorhaben:<\/p>\n<p><strong>2015-2017<\/strong> Programm &#8222;Neulandgewinner&#8220; der Robert-Bosch-Stiftung<\/p>\n<p><strong>2017-2020<\/strong> &#8222;Regionalit\u00e4t und Mehrfunktionsh\u00e4user&#8220; des Bundesprogramms L\u00e4ndliche Entwicklung des Bundeslandwirtschaftsministeriums<\/p>\n<p><strong>2022-2024<\/strong> LEADER-F\u00f6rderung &#8222;Engagiert f\u00fcr gutes (Land)leben&#8220; in der LEADER-Region Land des Roten Porphyr<\/p>\n<p>Wollt ihr tiefer einsteigen? Dann findet ihr <a href=\"https:\/\/www.generationenbahnhof.de\/startseite\/foerderungen\/\" target=\"_blank\" rel=\"noopener\">hier<\/a> detaillierte Informationen.<\/p>\n<\/div><div class=\"fusion-text fusion-text-8\"><h1>Landinventur<\/h1>\n<\/div><div class=\"fusion-video fusion-selfhosted-video\" style=\"max-width:100%;\"><div class=\"video-wrapper\"><video playsinline=\"true\" width=\"100%\" style=\"object-fit: cover;\" autoplay=\"true\" muted=\"true\" loop=\"true\" preload=\"auto\" controls=\"1\"><source src=\"https:\/\/www.generationenbahnhof.de\/wp-content\/uploads\/2023\/05\/Landinventur-1.m4v\" type=\"video\/mp4\">Sorry, your browser doesn&#039;t support embedded videos.<\/video><\/div><\/div><div class=\"fusion-text fusion-text-9\"><p>2023 &#8211; 2024 haben wir in den Ortsteilen der Gemeinde Erlau die LANDINVENTUR durchgef\u00fchrt. Das ist ein B\u00fcrgerwissenschaftsprojekt, in dem es um die Bestandsaufnahme des l\u00e4ndlichen Raumes geht. Die &#8222;Forscher&#8220; sind dabei die Menschen mit der gr\u00f6\u00dften Expertise f\u00fcr ihren Ort: Die Einwohner.<\/p>\n<p><em>&#8222;Obwohl die meisten Menschen noch immer auf dem Land leben, gibt es in der Politik, Planung und \u00d6ffentlichkeit einen sehr einseitigen Blick auf die D\u00f6rfer. \u2026 Mit dem digitalen Werkzeug LANDINVENTUR werden Daten und lokales Wissen \u00fcber das Land erhoben. Und zwar von den Dorfbewohnerinnen und Dorfbewohnern selbst. Als B\u00fcrgerwissenschaftlerinnen und -wissen\u00adschaft\u00adler k\u00f6nnen sie erfassen was ist, und sie k\u00f6nnen es besser machen (als Au\u00dfenstehende, denn sie sind die Expertinnen und Experten vor Ort). Somit beginnt ein Prozess der Selbsterm\u00e4chtigung auf den D\u00f6rfern. Es entstehen Daten zum Dorfleben, mit denen sich D\u00f6rfer ver\u00adgleichen und das bisher unerschlossene Potential des l\u00e4ndlichen Raumes als sozial nachhaltiger und wirt\u00adschaft\u00adlich attraktiver Zukunftsort zeigen lassen. Die Daten k\u00f6nnen auch eine wichtige Argumentationsgrundlage z.B. f\u00fcr die Zusammenarbeit mit der Verwaltung und anderen Partnern sein. Aus der gemeinsamen Diskussion \u00fcber die Ergebnisse k\u00f6nnen Ideen f\u00fcr Projekte oder Ma\u00dfnahmen der Dorfentwicklung entstehen. Die Land\u00adinventur kann zudem daf\u00fcr genutzt werden, um zu zeigen, was es vor Ort bereits gibt\u2026\u201c<\/em> (<a href=\"https:\/\/landinventur.de\/search\" target=\"_blank\" rel=\"noopener\">www.landinventur.de<\/a>)<\/p>\n<p>Mittels Befragungen, Dorfspazierg\u00e4ngen und Diskussionsrunden haben wir alle 9 Ortsteile genauer unter die Lupe genommen und interessante Erkenntnisse gewonnen, die ihr in unserer Landinventur-Brosch\u00fcre nachlesen k\u00f6nnt:<\/p>\n<\/div><div ><style type=\"text\/css\">.fusion-button.button-3 .fusion-button-text, .fusion-button.button-3 i {color:#ffffff;}.fusion-button.button-3 .fusion-button-icon-divider{border-color:#ffffff;}.fusion-button.button-3:hover .fusion-button-text, .fusion-button.button-3:hover i,.fusion-button.button-3:focus .fusion-button-text, .fusion-button.button-3:focus i,.fusion-button.button-3:active .fusion-button-text, .fusion-button.button-3:active{color:#ffffff;}.fusion-button.button-3:hover .fusion-button-icon-divider, .fusion-button.button-3:hover .fusion-button-icon-divider, .fusion-button.button-3:active .fusion-button-icon-divider{border-color:#ffffff;}.fusion-button.button-3:hover, .fusion-button.button-3:focus, .fusion-button.button-3:active{border-color:#ffffff;border-width:5px;}.fusion-button.button-3 {border-color:#ffffff;border-width:5px;border-radius:2px;}.fusion-button.button-3{background: #cecece;}.fusion-button.button-3:hover,.button-3:focus,.fusion-button.button-3:active{background: #c1c1c1;}.fusion-button.button-3 .fusion-button-text {text-transform:uppercase;}<\/style><a class=\"fusion-button button-flat button-medium button-custom button-3 fusion-button-span-yes fusion-button-default-type\" target=\"_blank\" rel=\"noopener noreferrer\" href=\"https:\/\/www.generationenbahnhof.de\/wp-content\/uploads\/2025\/01\/LANDInventur_FIN.pdf\"><span class=\"fusion-button-icon-divider button-icon-divider-left\"><i class=\"fa-file-download fas\" aria-hidden=\"true\"><\/i><\/span><span class=\"fusion-button-text fusion-button-text-left\">LANDInventur in der Gemeinde Erlau (2024)<\/span><\/a><\/div><div class=\"fusion-text fusion-text-10\"><h1>Mehr erfahren<\/h1>\n<\/div><div class=\"fusion-text fusion-text-11\"><p>Wenn ihr selbst ein Projekt starten m\u00f6chtet, mit uns Erfahrungen austauschen wollt oder detailliertere Infos w\u00fcnscht, k\u00f6nnt ihr uns gern kontaktieren! In einem Vor-Ort-Termin oder online k\u00f6nnt ihr noch mehr \u00fcber unser Projekt erfahren bzw. Bildmaterial erhalten.<\/p>\n<\/div><\/div><style type=\"text\/css\">.fusion-body .fusion-builder-column-0{width:75% !important;margin-top : 0px;margin-bottom : 20px;}.fusion-builder-column-0 > .fusion-column-wrapper {padding-top : 0px !important;padding-right : 0px !important;margin-right : 2.56%;padding-bottom : 0px !important;padding-left : 0px !important;margin-left : 2.56%;}@media only screen and (max-width:1024px) {.fusion-body .fusion-builder-column-0{width:100% !important;order : 0;}.fusion-builder-column-0 > .fusion-column-wrapper {margin-right : 1.92%;margin-left : 1.92%;}}@media only screen and (max-width:640px) {.fusion-body .fusion-builder-column-0{width:100% !important;order : 0;}.fusion-builder-column-0 > .fusion-column-wrapper {margin-right : 1.92%;margin-left : 1.92%;}}<\/style><\/div><div class=\"fusion-layout-column fusion_builder_column fusion-builder-column-1 fusion_builder_column_1_4 1_4 fusion-flex-column\"><div class=\"fusion-column-wrapper fusion-flex-justify-content-flex-start fusion-content-layout-column\" style=\"background-position:left top;background-repeat:no-repeat;-webkit-background-size:cover;-moz-background-size:cover;-o-background-size:cover;background-size:cover;padding: 0px 0px 0px 0px;\"><div class=\"fusion-text fusion-text-12\"><p>Wir wurden gef\u00f6rdert aus folgenden Programmen:<\/p>\n<\/div><div class=\"fusion-text fusion-text-13\"><p>BULEplus 2025<\/p>\n<\/div><div ><span class=\" fusion-imageframe imageframe-none imageframe-1 hover-type-none\" style=\"border:8px solid #ffffff;\"><a class=\"fusion-no-lightbox\" href=\"https:\/\/www.generationenbahnhof.de\/?page_id=255\" target=\"_self\" aria-label=\"BMLEH_Fz_2025_Office_de\"><img decoding=\"async\" width=\"600\" height=\"488\" alt=\"EPLR\" src=\"https:\/\/www.generationenbahnhof.de\/wp-content\/uploads\/2025\/10\/BMLEH_Fz_2025_Office_de.jpg\" class=\"img-responsive wp-image-1081\" srcset=\"https:\/\/www.generationenbahnhof.de\/wp-content\/uploads\/2025\/10\/BMLEH_Fz_2025_Office_de-200x163.jpg 200w, https:\/\/www.generationenbahnhof.de\/wp-content\/uploads\/2025\/10\/BMLEH_Fz_2025_Office_de-400x325.jpg 400w, https:\/\/www.generationenbahnhof.de\/wp-content\/uploads\/2025\/10\/BMLEH_Fz_2025_Office_de.jpg 600w\" sizes=\"(max-width: 1024px) 100vw, (max-width: 640px) 100vw, 400px\" \/><\/a><\/span><\/div><div class=\"fusion-text fusion-text-14\"><p>LEADER 2014-2020<\/p>\n<\/div><div ><span class=\" fusion-imageframe imageframe-none imageframe-2 hover-type-none\" style=\"border:8px solid #ffffff;\"><a class=\"fusion-no-lightbox\" href=\"https:\/\/www.generationenbahnhof.de\/?page_id=255\" target=\"_self\" aria-label=\"2-SMUL_LO_EPLR-RGB-RZ-gross\"><img decoding=\"async\" width=\"300\" height=\"67\" alt=\"EPLR\" src=\"https:\/\/www.generationenbahnhof.de\/wp-content\/uploads\/2019\/01\/2-SMUL_LO_EPLR-RGB-RZ-gross-300x67.jpg\" class=\"img-responsive wp-image-51\" srcset=\"https:\/\/www.generationenbahnhof.de\/wp-content\/uploads\/2019\/01\/2-SMUL_LO_EPLR-RGB-RZ-gross-200x45.jpg 200w, https:\/\/www.generationenbahnhof.de\/wp-content\/uploads\/2019\/01\/2-SMUL_LO_EPLR-RGB-RZ-gross-400x90.jpg 400w, https:\/\/www.generationenbahnhof.de\/wp-content\/uploads\/2019\/01\/2-SMUL_LO_EPLR-RGB-RZ-gross-600x135.jpg 600w, https:\/\/www.generationenbahnhof.de\/wp-content\/uploads\/2019\/01\/2-SMUL_LO_EPLR-RGB-RZ-gross-800x180.jpg 800w, https:\/\/www.generationenbahnhof.de\/wp-content\/uploads\/2019\/01\/2-SMUL_LO_EPLR-RGB-RZ-gross-1200x270.jpg 1200w\" sizes=\"(max-width: 1024px) 100vw, (max-width: 640px) 100vw, 400px\" \/><\/a><\/span><\/div><div ><span class=\" fusion-imageframe imageframe-none imageframe-3 hover-type-none\" style=\"border:8px solid #ffffff;\"><a class=\"fusion-no-lightbox\" href=\"https:\/\/www.generationenbahnhof.de\/?page_id=255\" target=\"_self\" aria-label=\"leader_logo_rgb\"><img decoding=\"async\" width=\"1007\" height=\"1013\" alt=\"EPLR\" src=\"https:\/\/www.generationenbahnhof.de\/wp-content\/uploads\/2023\/10\/leader_logo_rgb.jpg\" class=\"img-responsive wp-image-854\" srcset=\"https:\/\/www.generationenbahnhof.de\/wp-content\/uploads\/2023\/10\/leader_logo_rgb-200x201.jpg 200w, https:\/\/www.generationenbahnhof.de\/wp-content\/uploads\/2023\/10\/leader_logo_rgb-400x402.jpg 400w, https:\/\/www.generationenbahnhof.de\/wp-content\/uploads\/2023\/10\/leader_logo_rgb-600x604.jpg 600w, https:\/\/www.generationenbahnhof.de\/wp-content\/uploads\/2023\/10\/leader_logo_rgb-800x805.jpg 800w, https:\/\/www.generationenbahnhof.de\/wp-content\/uploads\/2023\/10\/leader_logo_rgb.jpg 1007w\" sizes=\"(max-width: 1024px) 100vw, (max-width: 640px) 100vw, 400px\" \/><\/a><\/span><\/div><div class=\"fusion-text fusion-text-15\"><p>NEULANDGEWINNER<\/p>\n<\/div><div ><span class=\" fusion-imageframe imageframe-none imageframe-4 hover-type-none\" style=\"border:8px solid #ffffff;\"><a class=\"fusion-no-lightbox\" href=\"https:\/\/www.generationenbahnhof.de\/?page_id=255\" target=\"_self\" aria-label=\"1-NLG 07 Signet Negativ WEB\"><img decoding=\"async\" width=\"369\" height=\"312\" alt=\"Neulandgewinner\" src=\"https:\/\/www.generationenbahnhof.de\/wp-content\/uploads\/2019\/01\/1-NLG-07-Signet-Negativ-WEB.jpg\" class=\"img-responsive wp-image-50\" srcset=\"https:\/\/www.generationenbahnhof.de\/wp-content\/uploads\/2019\/01\/1-NLG-07-Signet-Negativ-WEB-200x169.jpg 200w, https:\/\/www.generationenbahnhof.de\/wp-content\/uploads\/2019\/01\/1-NLG-07-Signet-Negativ-WEB.jpg 369w\" sizes=\"(max-width: 1024px) 100vw, (max-width: 640px) 100vw, 369px\" \/><\/a><\/span><\/div><div class=\"fusion-text fusion-text-16\"><p>BLE MODELLVORHABEN<\/p>\n<\/div><div ><span class=\" fusion-imageframe imageframe-none imageframe-5 hover-type-none\" style=\"border:8px solid #ffffff;\"><img decoding=\"async\" width=\"300\" height=\"144\" title=\"3-kombimarke_gefoerdertbmel_ble_ptble\" src=\"https:\/\/www.generationenbahnhof.de\/wp-content\/uploads\/2019\/01\/3-kombimarke_gefoerdertbmel_ble_ptble-300x144.jpg\" class=\"img-responsive wp-image-48\" srcset=\"https:\/\/www.generationenbahnhof.de\/wp-content\/uploads\/2019\/01\/3-kombimarke_gefoerdertbmel_ble_ptble-200x96.jpg 200w, https:\/\/www.generationenbahnhof.de\/wp-content\/uploads\/2019\/01\/3-kombimarke_gefoerdertbmel_ble_ptble-400x191.jpg 400w, https:\/\/www.generationenbahnhof.de\/wp-content\/uploads\/2019\/01\/3-kombimarke_gefoerdertbmel_ble_ptble-600x287.jpg 600w, https:\/\/www.generationenbahnhof.de\/wp-content\/uploads\/2019\/01\/3-kombimarke_gefoerdertbmel_ble_ptble-800x383.jpg 800w, https:\/\/www.generationenbahnhof.de\/wp-content\/uploads\/2019\/01\/3-kombimarke_gefoerdertbmel_ble_ptble-1200x574.jpg 1200w\" sizes=\"(max-width: 1024px) 100vw, (max-width: 640px) 100vw, 400px\" \/><\/span><\/div><div class=\"fusion-text fusion-text-17\"><p>WIR F\u00dcR SACHSEN<\/p>\n<\/div><div ><span class=\" fusion-imageframe imageframe-none imageframe-6 hover-type-none\" style=\"border:8px solid #ffffff;\"><a class=\"fusion-no-lightbox\" href=\"https:\/\/www.generationenbahnhof.de\/?page_id=255\" target=\"_self\" aria-label=\"wfS_logo_neu_rdax_780x523_87\"><img decoding=\"async\" width=\"780\" height=\"523\" alt=\"Landaufschwung\" src=\"https:\/\/www.generationenbahnhof.de\/wp-content\/uploads\/2023\/10\/wfS_logo_neu_rdax_780x523_87.png\" class=\"img-responsive wp-image-853\" srcset=\"https:\/\/www.generationenbahnhof.de\/wp-content\/uploads\/2023\/10\/wfS_logo_neu_rdax_780x523_87-200x134.png 200w, https:\/\/www.generationenbahnhof.de\/wp-content\/uploads\/2023\/10\/wfS_logo_neu_rdax_780x523_87-400x268.png 400w, https:\/\/www.generationenbahnhof.de\/wp-content\/uploads\/2023\/10\/wfS_logo_neu_rdax_780x523_87-600x402.png 600w, https:\/\/www.generationenbahnhof.de\/wp-content\/uploads\/2023\/10\/wfS_logo_neu_rdax_780x523_87.png 780w\" sizes=\"(max-width: 1024px) 100vw, (max-width: 640px) 100vw, 400px\" \/><\/a><\/span><\/div><div class=\"fusion-text fusion-text-18\"><p>EHRENAMTSF\u00d6RDERUNG DES LANDKREISES MITTELSACHSEN<\/p>\n<\/div><div class=\"fusion-text fusion-text-19\"><p>LANDAUFSCHWUNG<\/p>\n<\/div><div ><span class=\" fusion-imageframe imageframe-none imageframe-7 hover-type-none\" style=\"border:8px solid #ffffff;\"><a class=\"fusion-no-lightbox\" href=\"https:\/\/www.generationenbahnhof.de\/?page_id=255\" target=\"_self\" aria-label=\"4-Logo-LandAufSchwung.jpg_319865977__1_\"><img decoding=\"async\" width=\"300\" height=\"168\" alt=\"Landaufschwung\" src=\"https:\/\/www.generationenbahnhof.de\/wp-content\/uploads\/2019\/01\/4-Logo-LandAufSchwung.jpg_319865977__1_-300x168.jpg\" class=\"img-responsive wp-image-49\" srcset=\"https:\/\/www.generationenbahnhof.de\/wp-content\/uploads\/2019\/01\/4-Logo-LandAufSchwung.jpg_319865977__1_-200x112.jpg 200w, https:\/\/www.generationenbahnhof.de\/wp-content\/uploads\/2019\/01\/4-Logo-LandAufSchwung.jpg_319865977__1_-400x225.jpg 400w, https:\/\/www.generationenbahnhof.de\/wp-content\/uploads\/2019\/01\/4-Logo-LandAufSchwung.jpg_319865977__1_.jpg 438w\" sizes=\"(max-width: 1024px) 100vw, (max-width: 640px) 100vw, 400px\" \/><\/a><\/span><\/div><\/div><style type=\"text\/css\">.fusion-body .fusion-builder-column-1{width:25% !important;margin-top : 0px;margin-bottom : 20px;}.fusion-builder-column-1 > .fusion-column-wrapper {padding-top : 0px !important;padding-right : 0px !important;margin-right : 7.68%;padding-bottom : 0px !important;padding-left : 0px !important;margin-left : 3.84%;}@media only screen and (max-width:1024px) {.fusion-body .fusion-builder-column-1{width:100% !important;}.fusion-builder-column-1 > .fusion-column-wrapper {margin-right : 1.92%;margin-left : 1.92%;}}@media only screen and (max-width:640px) {.fusion-body .fusion-builder-column-1{width:100% !important;}.fusion-builder-column-1 > .fusion-column-wrapper {margin-right : 1.92%;margin-left : 1.92%;}}<\/style><\/div><\/div><style type=\"text\/css\">.fusion-body .fusion-flex-container.fusion-builder-row-1{ padding-top : 0px;margin-top : 0px;padding-right : 0px;padding-bottom : 0px;margin-bottom : 0px;padding-left : 0px;}<\/style><\/div>\n","protected":false},"excerpt":{"rendered":"","protected":false},"author":1,"featured_media":0,"parent":0,"menu_order":0,"comment_status":"closed","ping_status":"closed","template":"","meta":{"footnotes":""},"class_list":["post-29","page","type-page","status-publish","hentry"],"_links":{"self":[{"href":"https:\/\/www.generationenbahnhof.de\/startseite\/wp-json\/wp\/v2\/pages\/29","targetHints":{"allow":["GET"]}}],"collection":[{"href":"https:\/\/www.generationenbahnhof.de\/startseite\/wp-json\/wp\/v2\/pages"}],"about":[{"href":"https:\/\/www.generationenbahnhof.de\/startseite\/wp-json\/wp\/v2\/types\/page"}],"author":[{"embeddable":true,"href":"https:\/\/www.generationenbahnhof.de\/startseite\/wp-json\/wp\/v2\/users\/1"}],"replies":[{"embeddable":true,"href":"https:\/\/www.generationenbahnhof.de\/startseite\/wp-json\/wp\/v2\/comments?post=29"}],"version-history":[{"count":41,"href":"https:\/\/www.generationenbahnhof.de\/startseite\/wp-json\/wp\/v2\/pages\/29\/revisions"}],"predecessor-version":[{"id":1193,"href":"https:\/\/www.generationenbahnhof.de\/startseite\/wp-json\/wp\/v2\/pages\/29\/revisions\/1193"}],"wp:attachment":[{"href":"https:\/\/www.generationenbahnhof.de\/startseite\/wp-json\/wp\/v2\/media?parent=29"}],"curies":[{"name":"wp","href":"https:\/\/api.w.org\/{rel}","templated":true}]}}